{"id":82,"date":"2020-03-31T21:19:46","date_gmt":"2020-03-31T19:19:46","guid":{"rendered":"https:\/\/www.ament-it.de\/~kigafahr\/wordpress\/?page_id=82"},"modified":"2026-04-24T11:50:35","modified_gmt":"2026-04-24T09:50:35","slug":"konzeption","status":"publish","type":"page","link":"https:\/\/kindergarten-fahr.de\/index.php\/konzeption\/","title":{"rendered":"Konzeption"},"content":{"rendered":"\n<p class=\"has-text-color\" style=\"color:#0025a3\"><strong>Klein einsteigen &#8211; Gro\u00df rauskommen<\/strong><\/p>\n\n\n\n<p>Das ist das Motto in unserem Kindergarten. Dies spiegelt sich auch in unserem Kindergartenlogo wieder.<\/p>\n\n\n\n<p>Dabei denken wir nicht nur an die Schulkinder, die mit einem Rucksack voller Erfahrungen und Fertigkeiten den Kindergarten verlassen.<\/p>\n\n\n\n<p>&#8222;Klein einsteigen &#8211; Gro\u00df rauskommen&#8220; soll jedes Kind in jedem Alter. Denn wir erleben Kinder als: Weltentdecker, Gestalter, kreative K\u00f6pfe, Naturforscher, Philosophen und Bereicherung f\u00fcr die Gemeinschaft.<\/p>\n\n\n\n<p>Wir sehen unseren Kindergarten als einen famili\u00e4ren Ort an. In dem die Kinder viele Erfahrungen sammeln k\u00f6nnen.<\/p>\n\n\n\n<p>Der Kindergarten erg\u00e4nzt und unterst\u00fctzt die Erziehung des Kindes. Unsere kleine Einrichtung bietet jedem einzelnen Kind, optimale Bedingungen zur Entwicklung und Entfaltung.<\/p>\n\n\n\n<p>Wir arbeiten nach dem Erziehung- und Bildungsplan. In unserer p\u00e4dagogischen Arbeit beziehen wir alle Bereiche mit ein und vermitteln sie individuell.<\/p>\n\n\n\n<p>In unserer Arbeit orientieren wir uns an den Grundlagen der Projektarbeit und am Wohl des Kindes.<\/p>\n\n\n\n<p class=\"has-text-color\" style=\"color:#72d61f\"><strong>Bei uns steht Ihr Kind im Mittelpunkt und wird als was Einzigartiges gesehen.<\/strong><\/p>\n\n\n\n<div data-wp-interactive=\"core\/file\" class=\"wp-block-file\"><object data-wp-bind--hidden=\"!state.hasPdfPreview\" hidden class=\"wp-block-file__embed\" data=\"https:\/\/kindergarten-fahr.de\/wp-content\/uploads\/2026\/04\/Konzeption-April-2026-1.pdf\" type=\"application\/pdf\" style=\"width:100%;height:600px\" aria-label=\"Einbettung von Konzeption April 2026.\"><\/object><a id=\"wp-block-file--media-7c1042dc-2819-4b17-a79a-ffda180b8179\" href=\"https:\/\/kindergarten-fahr.de\/wp-content\/uploads\/2026\/04\/Konzeption-April-2026-1.pdf\">Konzeption April 2026<\/a><a href=\"https:\/\/kindergarten-fahr.de\/wp-content\/uploads\/2026\/04\/Konzeption-April-2026-1.pdf\" class=\"wp-block-file__button wp-element-button\" download aria-describedby=\"wp-block-file--media-7c1042dc-2819-4b17-a79a-ffda180b8179\">Herunterladen<\/a><\/div>\n","protected":false},"excerpt":{"rendered":"<p>Klein einsteigen &#8211; Gro\u00df rauskommen Das ist das Motto in unserem Kindergarten. Dies spiegelt sich auch in unserem Kindergartenlogo wieder. Dabei denken wir nicht nur an die Schulkinder, die mit einem Rucksack voller Erfahrungen und Fertigkeiten den Kindergarten verlassen. &#8222;Klein einsteigen &#8211; Gro\u00df rauskommen&#8220; soll jedes Kind in jedem Alter. [&hellip;]<\/p>\n","protected":false},"author":2,"featured_media":0,"parent":0,"menu_order":0,"comment_status":"closed","ping_status":"closed","template":"","meta":{"footnotes":""},"class_list":["post-82","page","type-page","status-publish","hentry"],"_links":{"self":[{"href":"https:\/\/kindergarten-fahr.de\/index.php\/wp-json\/wp\/v2\/pages\/82","targetHints":{"allow":["GET"]}}],"collection":[{"href":"https:\/\/kindergarten-fahr.de\/index.php\/wp-json\/wp\/v2\/pages"}],"about":[{"href":"https:\/\/kindergarten-fahr.de\/index.php\/wp-json\/wp\/v2\/types\/page"}],"author":[{"embeddable":true,"href":"https:\/\/kindergarten-fahr.de\/index.php\/wp-json\/wp\/v2\/users\/2"}],"replies":[{"embeddable":true,"href":"https:\/\/kindergarten-fahr.de\/index.php\/wp-json\/wp\/v2\/comments?post=82"}],"version-history":[{"count":10,"href":"https:\/\/kindergarten-fahr.de\/index.php\/wp-json\/wp\/v2\/pages\/82\/revisions"}],"predecessor-version":[{"id":1244,"href":"https:\/\/kindergarten-fahr.de\/index.php\/wp-json\/wp\/v2\/pages\/82\/revisions\/1244"}],"wp:attachment":[{"href":"https:\/\/kindergarten-fahr.de\/index.php\/wp-json\/wp\/v2\/media?parent=82"}],"curies":[{"name":"wp","href":"https:\/\/api.w.org\/{rel}","templated":true}]}}