{"id":56,"date":"2020-03-31T21:10:42","date_gmt":"2020-03-31T19:10:42","guid":{"rendered":"https:\/\/www.ament-it.de\/~kigafahr\/wordpress\/?page_id=56"},"modified":"2026-04-21T12:40:10","modified_gmt":"2026-04-21T10:40:10","slug":"aktuelles","status":"publish","type":"page","link":"https:\/\/kindergarten-fahr.de\/index.php\/aktuelles\/","title":{"rendered":"Aktuelles"},"content":{"rendered":"\n<p><strong>Spaziergang zu den H\u00fchnern<\/strong><\/p>\n\n\n\n<p>Nachwuchs bei den H\u00fchnern von Familie Heinrich. Das lassen wir uns nat\u00fcrlich nicht entgehen und machen uns auf den Weg zum Ortsrand von Fahr, wo es sich die H\u00fchner gut gehen lassen. Frau Heinrich erwartet uns schon. Sie zeigt den Kindern ihre zahmen H\u00fchner und den nun nicht mehr so kleinen Nachwuchs. Die Kinder sind begeistert. Sie d\u00fcrfen helfen die H\u00fchner zu f\u00fcttern, zu streicheln und wer sich traut, darf sogar eines halten oder sich auf die Schulter setzen lassen.<\/p>\n\n\n\n<figure class=\"wp-block-image size-full is-resized\"><img loading=\"lazy\" decoding=\"async\" width=\"578\" height=\"434\" src=\"https:\/\/kindergarten-fahr.de\/wp-content\/uploads\/2026\/04\/PXL_20260421_084455947-2.jpg\" alt=\"\" class=\"wp-image-1232\" style=\"width:315px;height:auto\" srcset=\"https:\/\/kindergarten-fahr.de\/wp-content\/uploads\/2026\/04\/PXL_20260421_084455947-2.jpg 578w, https:\/\/kindergarten-fahr.de\/wp-content\/uploads\/2026\/04\/PXL_20260421_084455947-2-300x225.jpg 300w\" sizes=\"auto, (max-width: 578px) 100vw, 578px\" \/><\/figure>\n\n\n\n<figure class=\"wp-block-image size-large is-resized\"><img loading=\"lazy\" decoding=\"async\" width=\"769\" height=\"1024\" src=\"https:\/\/kindergarten-fahr.de\/wp-content\/uploads\/2026\/04\/PXL_20260421_084654761-769x1024.jpg\" alt=\"\" class=\"wp-image-1233\" style=\"aspect-ratio:0.7509834088275648;width:221px;height:auto\" srcset=\"https:\/\/kindergarten-fahr.de\/wp-content\/uploads\/2026\/04\/PXL_20260421_084654761-769x1024.jpg 769w, https:\/\/kindergarten-fahr.de\/wp-content\/uploads\/2026\/04\/PXL_20260421_084654761-225x300.jpg 225w, https:\/\/kindergarten-fahr.de\/wp-content\/uploads\/2026\/04\/PXL_20260421_084654761-768x1023.jpg 768w, https:\/\/kindergarten-fahr.de\/wp-content\/uploads\/2026\/04\/PXL_20260421_084654761.jpg 868w\" sizes=\"auto, (max-width: 769px) 100vw, 769px\" \/><\/figure>\n\n\n\n<figure class=\"wp-block-image size-large is-resized\"><img loading=\"lazy\" decoding=\"async\" width=\"1024\" height=\"769\" src=\"https:\/\/kindergarten-fahr.de\/wp-content\/uploads\/2026\/04\/PXL_20260421_085620555-1-1024x769.jpg\" alt=\"\" class=\"wp-image-1235\" style=\"aspect-ratio:1.3316072102406316;width:298px;height:auto\" srcset=\"https:\/\/kindergarten-fahr.de\/wp-content\/uploads\/2026\/04\/PXL_20260421_085620555-1-1024x769.jpg 1024w, https:\/\/kindergarten-fahr.de\/wp-content\/uploads\/2026\/04\/PXL_20260421_085620555-1-300x225.jpg 300w, https:\/\/kindergarten-fahr.de\/wp-content\/uploads\/2026\/04\/PXL_20260421_085620555-1-768x577.jpg 768w, https:\/\/kindergarten-fahr.de\/wp-content\/uploads\/2026\/04\/PXL_20260421_085620555-1.jpg 1156w\" sizes=\"auto, (max-width: 1024px) 100vw, 1024px\" \/><\/figure>\n\n\n\n<figure class=\"wp-block-image size-large is-resized\"><img loading=\"lazy\" decoding=\"async\" width=\"1024\" height=\"769\" src=\"https:\/\/kindergarten-fahr.de\/wp-content\/uploads\/2026\/04\/PXL_20260421_085719583-1024x769.jpg\" alt=\"\" class=\"wp-image-1236\" style=\"aspect-ratio:1.3316072102406316;width:300px;height:auto\" srcset=\"https:\/\/kindergarten-fahr.de\/wp-content\/uploads\/2026\/04\/PXL_20260421_085719583-1024x769.jpg 1024w, https:\/\/kindergarten-fahr.de\/wp-content\/uploads\/2026\/04\/PXL_20260421_085719583-300x225.jpg 300w, https:\/\/kindergarten-fahr.de\/wp-content\/uploads\/2026\/04\/PXL_20260421_085719583-768x577.jpg 768w, https:\/\/kindergarten-fahr.de\/wp-content\/uploads\/2026\/04\/PXL_20260421_085719583.jpg 1156w\" sizes=\"auto, (max-width: 1024px) 100vw, 1024px\" \/><\/figure>\n\n\n\n<figure class=\"wp-block-image size-large is-resized\"><img loading=\"lazy\" decoding=\"async\" width=\"769\" height=\"1024\" src=\"https:\/\/kindergarten-fahr.de\/wp-content\/uploads\/2026\/04\/PXL_20260421_090358826-1-769x1024.jpg\" alt=\"\" class=\"wp-image-1238\" style=\"aspect-ratio:0.750978596224433;width:238px;height:auto\" srcset=\"https:\/\/kindergarten-fahr.de\/wp-content\/uploads\/2026\/04\/PXL_20260421_090358826-1-769x1024.jpg 769w, https:\/\/kindergarten-fahr.de\/wp-content\/uploads\/2026\/04\/PXL_20260421_090358826-1-225x300.jpg 225w, https:\/\/kindergarten-fahr.de\/wp-content\/uploads\/2026\/04\/PXL_20260421_090358826-1-768x1023.jpg 768w, https:\/\/kindergarten-fahr.de\/wp-content\/uploads\/2026\/04\/PXL_20260421_090358826-1.jpg 868w\" sizes=\"auto, (max-width: 769px) 100vw, 769px\" \/><\/figure>\n\n\n\n<p><strong>Die Fahrer Feuerwehr zu Besuch im Kindergarten<\/strong><\/p>\n\n\n\n<p>Wie freuten sich die Kinder als die Feuerwehr wieder zu uns in den Kiga kam. Im Morgenkreis zeigten 2 Feuerwehrm\u00e4nner ihre Ausr\u00fcstung und erkl\u00e4rten den Kindern wie sie sich im Brandfall verhalten m\u00fcssen. Ber\u00fchrungs\u00e4ngste gab es seitens der Kinder keine.<\/p>\n\n\n\n<p>Im Garten dann der gro\u00dfe Schreck, Rauch kam aus unserem Spielh\u00e4uschen. Schnell wurde die Feuerwehr alarmiert und 7 Feuerm\u00e4nner und 1 Feuerwehrfrau waren flott zur Stelle um den &#8222;Brand&#8220; zu l\u00f6schen. Im Anschlu\u00df durften alle Kinder selbst ein einem Aufstellhaus \u00fcben. Das war ein riesen Spa\u00df. Am Ende wurde noch das gro\u00dfe Feuerwehrauto besichtigt bevor sich die Feuerwehr mit gro\u00dfem Sirenengeheul wieder auf den Weg machte. <\/p>\n\n\n\n<figure class=\"wp-block-image size-large is-resized\"><img loading=\"lazy\" decoding=\"async\" width=\"769\" height=\"1024\" src=\"https:\/\/kindergarten-fahr.de\/wp-content\/uploads\/2026\/03\/PXL_20260326_090527966-2-769x1024.jpg\" alt=\"\" class=\"wp-image-1216\" style=\"width:279px;height:auto\" srcset=\"https:\/\/kindergarten-fahr.de\/wp-content\/uploads\/2026\/03\/PXL_20260326_090527966-2-769x1024.jpg 769w, https:\/\/kindergarten-fahr.de\/wp-content\/uploads\/2026\/03\/PXL_20260326_090527966-2-225x300.jpg 225w, https:\/\/kindergarten-fahr.de\/wp-content\/uploads\/2026\/03\/PXL_20260326_090527966-2-768x1023.jpg 768w, https:\/\/kindergarten-fahr.de\/wp-content\/uploads\/2026\/03\/PXL_20260326_090527966-2.jpg 868w\" sizes=\"auto, (max-width: 769px) 100vw, 769px\" \/><\/figure>\n\n\n\n<figure class=\"wp-block-image size-large is-resized\"><img loading=\"lazy\" decoding=\"async\" width=\"1024\" height=\"769\" src=\"https:\/\/kindergarten-fahr.de\/wp-content\/uploads\/2026\/03\/PXL_20260326_090940621-1-1024x769.jpg\" alt=\"\" class=\"wp-image-1218\" style=\"aspect-ratio:1.3316072102406316;width:387px;height:auto\" srcset=\"https:\/\/kindergarten-fahr.de\/wp-content\/uploads\/2026\/03\/PXL_20260326_090940621-1-1024x769.jpg 1024w, https:\/\/kindergarten-fahr.de\/wp-content\/uploads\/2026\/03\/PXL_20260326_090940621-1-300x225.jpg 300w, https:\/\/kindergarten-fahr.de\/wp-content\/uploads\/2026\/03\/PXL_20260326_090940621-1-768x577.jpg 768w, https:\/\/kindergarten-fahr.de\/wp-content\/uploads\/2026\/03\/PXL_20260326_090940621-1.jpg 1156w\" sizes=\"auto, (max-width: 1024px) 100vw, 1024px\" \/><\/figure>\n\n\n\n<figure class=\"wp-block-image size-large is-resized\"><img loading=\"lazy\" decoding=\"async\" width=\"1024\" height=\"769\" src=\"https:\/\/kindergarten-fahr.de\/wp-content\/uploads\/2026\/03\/PXL_20260326_101631582-1024x769.jpg\" alt=\"\" class=\"wp-image-1219\" style=\"aspect-ratio:1.3316072102406316;width:387px;height:auto\" srcset=\"https:\/\/kindergarten-fahr.de\/wp-content\/uploads\/2026\/03\/PXL_20260326_101631582-1024x769.jpg 1024w, https:\/\/kindergarten-fahr.de\/wp-content\/uploads\/2026\/03\/PXL_20260326_101631582-300x225.jpg 300w, https:\/\/kindergarten-fahr.de\/wp-content\/uploads\/2026\/03\/PXL_20260326_101631582-768x577.jpg 768w, https:\/\/kindergarten-fahr.de\/wp-content\/uploads\/2026\/03\/PXL_20260326_101631582.jpg 1156w\" sizes=\"auto, (max-width: 1024px) 100vw, 1024px\" \/><\/figure>\n\n\n\n<figure class=\"wp-block-image size-large is-resized\"><img loading=\"lazy\" decoding=\"async\" width=\"1024\" height=\"769\" src=\"https:\/\/kindergarten-fahr.de\/wp-content\/uploads\/2026\/03\/PXL_20260326_102024497-1024x769.jpg\" alt=\"\" class=\"wp-image-1220\" style=\"aspect-ratio:1.3316072102406316;width:389px;height:auto\" srcset=\"https:\/\/kindergarten-fahr.de\/wp-content\/uploads\/2026\/03\/PXL_20260326_102024497-1024x769.jpg 1024w, https:\/\/kindergarten-fahr.de\/wp-content\/uploads\/2026\/03\/PXL_20260326_102024497-300x225.jpg 300w, https:\/\/kindergarten-fahr.de\/wp-content\/uploads\/2026\/03\/PXL_20260326_102024497-768x577.jpg 768w, https:\/\/kindergarten-fahr.de\/wp-content\/uploads\/2026\/03\/PXL_20260326_102024497.jpg 1156w\" sizes=\"auto, (max-width: 1024px) 100vw, 1024px\" \/><\/figure>\n\n\n\n<p><strong>Herzlichen Gl\u00fcckwunsch<\/strong><\/p>\n\n\n\n<p>Wir gratulieren unserer Kollegin Stefanie Reisert herzlich zur erfolgreichen Pr\u00fcfung zur p\u00e4dagogischen Fachkraft.<\/p>\n\n\n\n<figure class=\"wp-block-image size-large is-resized\"><img loading=\"lazy\" decoding=\"async\" width=\"769\" height=\"1024\" src=\"https:\/\/kindergarten-fahr.de\/wp-content\/uploads\/2026\/03\/trashed-1775208646-PXL_20260304_071004784-769x1024.jpg\" alt=\"\" class=\"wp-image-1194\" style=\"aspect-ratio:0.7508603553680403;width:287px;height:auto\" srcset=\"https:\/\/kindergarten-fahr.de\/wp-content\/uploads\/2026\/03\/trashed-1775208646-PXL_20260304_071004784-769x1024.jpg 769w, https:\/\/kindergarten-fahr.de\/wp-content\/uploads\/2026\/03\/trashed-1775208646-PXL_20260304_071004784-225x300.jpg 225w, https:\/\/kindergarten-fahr.de\/wp-content\/uploads\/2026\/03\/trashed-1775208646-PXL_20260304_071004784-768x1023.jpg 768w, https:\/\/kindergarten-fahr.de\/wp-content\/uploads\/2026\/03\/trashed-1775208646-PXL_20260304_071004784-1153x1536.jpg 1153w, https:\/\/kindergarten-fahr.de\/wp-content\/uploads\/2026\/03\/trashed-1775208646-PXL_20260304_071004784-1538x2048.jpg 1538w, https:\/\/kindergarten-fahr.de\/wp-content\/uploads\/2026\/03\/trashed-1775208646-PXL_20260304_071004784.jpg 1736w\" sizes=\"auto, (max-width: 769px) 100vw, 769px\" \/><\/figure>\n\n\n\n<p><strong>Wir er\u00f6ffnen die Sandkastensaison<\/strong><\/p>\n\n\n\n<p>Der Fr\u00fchling steht vor der T\u00fcr und die Sonne gibt ihr Bestes.  Was gibt es da Sch\u00f6neres als nach der langen Winterpause endlich wieder im Sandkasten zu spielen.<\/p>\n\n\n\n<figure class=\"wp-block-image size-large is-resized\"><img loading=\"lazy\" decoding=\"async\" width=\"1024\" height=\"769\" src=\"https:\/\/kindergarten-fahr.de\/wp-content\/uploads\/2026\/03\/PXL_20260302_103043266-2-1024x769.jpg\" alt=\"\" class=\"wp-image-1190\" style=\"aspect-ratio:1.3316072102406316;width:329px;height:auto\" srcset=\"https:\/\/kindergarten-fahr.de\/wp-content\/uploads\/2026\/03\/PXL_20260302_103043266-2-1024x769.jpg 1024w, https:\/\/kindergarten-fahr.de\/wp-content\/uploads\/2026\/03\/PXL_20260302_103043266-2-300x225.jpg 300w, https:\/\/kindergarten-fahr.de\/wp-content\/uploads\/2026\/03\/PXL_20260302_103043266-2-768x577.jpg 768w, https:\/\/kindergarten-fahr.de\/wp-content\/uploads\/2026\/03\/PXL_20260302_103043266-2.jpg 1156w\" sizes=\"auto, (max-width: 1024px) 100vw, 1024px\" \/><\/figure>\n\n\n\n<figure class=\"wp-block-image size-large is-resized\"><img loading=\"lazy\" decoding=\"async\" width=\"1024\" height=\"769\" src=\"https:\/\/kindergarten-fahr.de\/wp-content\/uploads\/2026\/03\/PXL_20260302_103442769-2-1024x769.jpg\" alt=\"\" class=\"wp-image-1191\" style=\"aspect-ratio:1.3316072102406316;width:332px;height:auto\" srcset=\"https:\/\/kindergarten-fahr.de\/wp-content\/uploads\/2026\/03\/PXL_20260302_103442769-2-1024x769.jpg 1024w, https:\/\/kindergarten-fahr.de\/wp-content\/uploads\/2026\/03\/PXL_20260302_103442769-2-300x225.jpg 300w, https:\/\/kindergarten-fahr.de\/wp-content\/uploads\/2026\/03\/PXL_20260302_103442769-2-768x577.jpg 768w, https:\/\/kindergarten-fahr.de\/wp-content\/uploads\/2026\/03\/PXL_20260302_103442769-2.jpg 1156w\" sizes=\"auto, (max-width: 1024px) 100vw, 1024px\" \/><\/figure>\n\n\n\n<p><strong>Piratenabenteuer beim Eltern-Kind-Klangnachmittag<\/strong><\/p>\n\n\n\n<p>Am Mittwoch, 18.02.2026, fand der Klangnachmittag mit Eltern und Geschwistern unter dem Motto: &#8222;Piraten ahoi!&#8220; statt. Der Turnraum verwandelte sich in ein Piratenschiff. Mit Klangh\u00f6lzern liesen die Teilnehmer gemeinsam Wellen rauschen, Drachen stampfen und Kokosn\u00fcsse fallen. Die Klanggeschichte sorgte f\u00fcr leuchtende Augen und zeigte, wie sch\u00f6n gemeinsames Musizieren sein kann.<\/p>\n\n\n\n<figure class=\"wp-block-image size-large is-resized\"><img loading=\"lazy\" decoding=\"async\" width=\"769\" height=\"1024\" src=\"https:\/\/kindergarten-fahr.de\/wp-content\/uploads\/2026\/02\/Piraten-1-769x1024.jpg\" alt=\"\" class=\"wp-image-1178\" style=\"width:302px;height:auto\" srcset=\"https:\/\/kindergarten-fahr.de\/wp-content\/uploads\/2026\/02\/Piraten-1-769x1024.jpg 769w, https:\/\/kindergarten-fahr.de\/wp-content\/uploads\/2026\/02\/Piraten-1-225x300.jpg 225w, https:\/\/kindergarten-fahr.de\/wp-content\/uploads\/2026\/02\/Piraten-1-768x1023.jpg 768w, https:\/\/kindergarten-fahr.de\/wp-content\/uploads\/2026\/02\/Piraten-1.jpg 868w\" sizes=\"auto, (max-width: 769px) 100vw, 769px\" \/><\/figure>\n\n\n\n<figure class=\"wp-block-image size-large is-resized\"><img loading=\"lazy\" decoding=\"async\" width=\"1024\" height=\"769\" src=\"https:\/\/kindergarten-fahr.de\/wp-content\/uploads\/2026\/02\/Piraten-3-1024x769.jpg\" alt=\"\" class=\"wp-image-1179\" style=\"aspect-ratio:1.3316072102406316;width:355px;height:auto\" srcset=\"https:\/\/kindergarten-fahr.de\/wp-content\/uploads\/2026\/02\/Piraten-3-1024x769.jpg 1024w, https:\/\/kindergarten-fahr.de\/wp-content\/uploads\/2026\/02\/Piraten-3-300x225.jpg 300w, https:\/\/kindergarten-fahr.de\/wp-content\/uploads\/2026\/02\/Piraten-3-768x577.jpg 768w, https:\/\/kindergarten-fahr.de\/wp-content\/uploads\/2026\/02\/Piraten-3.jpg 1156w\" sizes=\"auto, (max-width: 1024px) 100vw, 1024px\" \/><\/figure>\n\n\n\n<figure class=\"wp-block-image size-full is-resized\"><img loading=\"lazy\" decoding=\"async\" width=\"578\" height=\"434\" src=\"https:\/\/kindergarten-fahr.de\/wp-content\/uploads\/2026\/02\/Piraten-2.jpg\" alt=\"\" class=\"wp-image-1180\" style=\"width:358px;height:auto\" srcset=\"https:\/\/kindergarten-fahr.de\/wp-content\/uploads\/2026\/02\/Piraten-2.jpg 578w, https:\/\/kindergarten-fahr.de\/wp-content\/uploads\/2026\/02\/Piraten-2-300x225.jpg 300w\" sizes=\"auto, (max-width: 578px) 100vw, 578px\" \/><\/figure>\n\n\n\n<p><strong>Aschermittwoch<\/strong><\/p>\n\n\n\n<p>Gott, du willst, dass wir zu dir umkehren. Hilf uns, dass wir Jesus immer mehr lieben.  Lass uns auf seinen Wegen gehen und tun, was gut ist und dir gef\u00e4llt. Gib uns die Kraft dazu, gerade dort, wo es uns schwerf\u00e4llt.  Weil Jesus uns liebt, k\u00f6nnen wir mit Freude diese neue Zeit beginnen. Segne Du jetzt alle die dieses Asche auf ihrer Stirn empfangen. Amen.<\/p>\n\n\n\n<figure class=\"wp-block-image size-full is-resized\"><img loading=\"lazy\" decoding=\"async\" width=\"578\" height=\"434\" src=\"https:\/\/kindergarten-fahr.de\/wp-content\/uploads\/2026\/02\/1771410494134-0-1.jpg\" alt=\"\" class=\"wp-image-1169\" style=\"width:368px;height:auto\" srcset=\"https:\/\/kindergarten-fahr.de\/wp-content\/uploads\/2026\/02\/1771410494134-0-1.jpg 578w, https:\/\/kindergarten-fahr.de\/wp-content\/uploads\/2026\/02\/1771410494134-0-1-300x225.jpg 300w\" sizes=\"auto, (max-width: 578px) 100vw, 578px\" \/><\/figure>\n\n\n\n<figure class=\"wp-block-image size-full is-resized\"><img loading=\"lazy\" decoding=\"async\" width=\"578\" height=\"434\" src=\"https:\/\/kindergarten-fahr.de\/wp-content\/uploads\/2026\/02\/1771410528330-0-0.jpg\" alt=\"\" class=\"wp-image-1170\" style=\"width:377px;height:auto\" srcset=\"https:\/\/kindergarten-fahr.de\/wp-content\/uploads\/2026\/02\/1771410528330-0-0.jpg 578w, https:\/\/kindergarten-fahr.de\/wp-content\/uploads\/2026\/02\/1771410528330-0-0-300x225.jpg 300w\" sizes=\"auto, (max-width: 578px) 100vw, 578px\" \/><\/figure>\n\n\n\n<figure class=\"wp-block-image size-full is-resized\"><img loading=\"lazy\" decoding=\"async\" width=\"578\" height=\"434\" src=\"https:\/\/kindergarten-fahr.de\/wp-content\/uploads\/2026\/02\/1771410528330-0-1.jpg\" alt=\"\" class=\"wp-image-1171\" style=\"width:375px;height:auto\" srcset=\"https:\/\/kindergarten-fahr.de\/wp-content\/uploads\/2026\/02\/1771410528330-0-1.jpg 578w, https:\/\/kindergarten-fahr.de\/wp-content\/uploads\/2026\/02\/1771410528330-0-1-300x225.jpg 300w\" sizes=\"auto, (max-width: 578px) 100vw, 578px\" \/><\/figure>\n\n\n\n<p><strong>Faschingstage<\/strong><\/p>\n\n\n\n<p>Bilderbuchkino und Tanz<\/p>\n\n\n\n<figure class=\"wp-block-image size-large is-resized\"><img loading=\"lazy\" decoding=\"async\" width=\"1024\" height=\"769\" src=\"https:\/\/kindergarten-fahr.de\/wp-content\/uploads\/2026\/02\/PXL_20260209_094012125-1024x769.jpg\" alt=\"\" class=\"wp-image-1155\" style=\"aspect-ratio:1.3316072102406316;width:369px;height:auto\" srcset=\"https:\/\/kindergarten-fahr.de\/wp-content\/uploads\/2026\/02\/PXL_20260209_094012125-1024x769.jpg 1024w, https:\/\/kindergarten-fahr.de\/wp-content\/uploads\/2026\/02\/PXL_20260209_094012125-300x225.jpg 300w, https:\/\/kindergarten-fahr.de\/wp-content\/uploads\/2026\/02\/PXL_20260209_094012125-768x577.jpg 768w, https:\/\/kindergarten-fahr.de\/wp-content\/uploads\/2026\/02\/PXL_20260209_094012125.jpg 1156w\" sizes=\"auto, (max-width: 1024px) 100vw, 1024px\" \/><\/figure>\n\n\n\n<figure class=\"wp-block-image size-large is-resized\"><img loading=\"lazy\" decoding=\"async\" width=\"1024\" height=\"769\" src=\"https:\/\/kindergarten-fahr.de\/wp-content\/uploads\/2026\/02\/PXL_20260209_095405876-3-1024x769.jpg\" alt=\"\" class=\"wp-image-1166\" style=\"aspect-ratio:1.3316072102406316;width:365px;height:auto\" srcset=\"https:\/\/kindergarten-fahr.de\/wp-content\/uploads\/2026\/02\/PXL_20260209_095405876-3-1024x769.jpg 1024w, https:\/\/kindergarten-fahr.de\/wp-content\/uploads\/2026\/02\/PXL_20260209_095405876-3-300x225.jpg 300w, https:\/\/kindergarten-fahr.de\/wp-content\/uploads\/2026\/02\/PXL_20260209_095405876-3-768x577.jpg 768w, https:\/\/kindergarten-fahr.de\/wp-content\/uploads\/2026\/02\/PXL_20260209_095405876-3.jpg 1156w\" sizes=\"auto, (max-width: 1024px) 100vw, 1024px\" \/><\/figure>\n\n\n\n<p>Schminken<\/p>\n\n\n\n<figure class=\"wp-block-image size-large is-resized\"><img loading=\"lazy\" decoding=\"async\" width=\"769\" height=\"1024\" src=\"https:\/\/kindergarten-fahr.de\/wp-content\/uploads\/2026\/02\/PXL_20260210_075451640-769x1024.jpg\" alt=\"\" class=\"wp-image-1159\" style=\"width:328px;height:auto\" srcset=\"https:\/\/kindergarten-fahr.de\/wp-content\/uploads\/2026\/02\/PXL_20260210_075451640-769x1024.jpg 769w, https:\/\/kindergarten-fahr.de\/wp-content\/uploads\/2026\/02\/PXL_20260210_075451640-225x300.jpg 225w, https:\/\/kindergarten-fahr.de\/wp-content\/uploads\/2026\/02\/PXL_20260210_075451640-768x1023.jpg 768w, https:\/\/kindergarten-fahr.de\/wp-content\/uploads\/2026\/02\/PXL_20260210_075451640.jpg 868w\" sizes=\"auto, (max-width: 769px) 100vw, 769px\" \/><\/figure>\n\n\n\n<p>Halligalli im Turnraum<\/p>\n\n\n\n<figure class=\"wp-block-image size-large is-resized\"><img loading=\"lazy\" decoding=\"async\" width=\"769\" height=\"1024\" src=\"https:\/\/kindergarten-fahr.de\/wp-content\/uploads\/2026\/02\/PXL_20260212_082505596-769x1024.jpg\" alt=\"\" class=\"wp-image-1160\" style=\"aspect-ratio:0.7509803290168976;width:334px;height:auto\" srcset=\"https:\/\/kindergarten-fahr.de\/wp-content\/uploads\/2026\/02\/PXL_20260212_082505596-769x1024.jpg 769w, https:\/\/kindergarten-fahr.de\/wp-content\/uploads\/2026\/02\/PXL_20260212_082505596-225x300.jpg 225w, https:\/\/kindergarten-fahr.de\/wp-content\/uploads\/2026\/02\/PXL_20260212_082505596-768x1023.jpg 768w, https:\/\/kindergarten-fahr.de\/wp-content\/uploads\/2026\/02\/PXL_20260212_082505596.jpg 868w\" sizes=\"auto, (max-width: 769px) 100vw, 769px\" \/><\/figure>\n\n\n\n<p>Verr\u00fcckter Freitag mit Buffett, Tanz und Kasperletheater<\/p>\n\n\n\n<figure class=\"wp-block-image size-large is-resized\"><img loading=\"lazy\" decoding=\"async\" width=\"1024\" height=\"769\" src=\"https:\/\/kindergarten-fahr.de\/wp-content\/uploads\/2026\/02\/PXL_20260213_073509494-1024x769.jpg\" alt=\"\" class=\"wp-image-1161\" style=\"aspect-ratio:1.3316072102406316;width:447px;height:auto\" srcset=\"https:\/\/kindergarten-fahr.de\/wp-content\/uploads\/2026\/02\/PXL_20260213_073509494-1024x769.jpg 1024w, https:\/\/kindergarten-fahr.de\/wp-content\/uploads\/2026\/02\/PXL_20260213_073509494-300x225.jpg 300w, https:\/\/kindergarten-fahr.de\/wp-content\/uploads\/2026\/02\/PXL_20260213_073509494-768x577.jpg 768w, https:\/\/kindergarten-fahr.de\/wp-content\/uploads\/2026\/02\/PXL_20260213_073509494.jpg 1156w\" sizes=\"auto, (max-width: 1024px) 100vw, 1024px\" \/><\/figure>\n\n\n\n<figure class=\"wp-block-image size-large is-resized\"><img loading=\"lazy\" decoding=\"async\" width=\"1024\" height=\"769\" src=\"https:\/\/kindergarten-fahr.de\/wp-content\/uploads\/2026\/02\/PXL_20260213_101320139-1-1024x769.jpg\" alt=\"\" class=\"wp-image-1164\" style=\"aspect-ratio:1.3316072102406316;width:446px;height:auto\" srcset=\"https:\/\/kindergarten-fahr.de\/wp-content\/uploads\/2026\/02\/PXL_20260213_101320139-1-1024x769.jpg 1024w, https:\/\/kindergarten-fahr.de\/wp-content\/uploads\/2026\/02\/PXL_20260213_101320139-1-300x225.jpg 300w, https:\/\/kindergarten-fahr.de\/wp-content\/uploads\/2026\/02\/PXL_20260213_101320139-1-768x577.jpg 768w, https:\/\/kindergarten-fahr.de\/wp-content\/uploads\/2026\/02\/PXL_20260213_101320139-1.jpg 1156w\" sizes=\"auto, (max-width: 1024px) 100vw, 1024px\" \/><\/figure>\n\n\n\n<figure class=\"wp-block-image size-large is-resized\"><img loading=\"lazy\" decoding=\"async\" width=\"1024\" height=\"769\" src=\"https:\/\/kindergarten-fahr.de\/wp-content\/uploads\/2026\/02\/PXL_20260213_103902602-1-1024x769.jpg\" alt=\"\" class=\"wp-image-1175\" style=\"aspect-ratio:1.3316072102406316;width:451px;height:auto\" srcset=\"https:\/\/kindergarten-fahr.de\/wp-content\/uploads\/2026\/02\/PXL_20260213_103902602-1-1024x769.jpg 1024w, https:\/\/kindergarten-fahr.de\/wp-content\/uploads\/2026\/02\/PXL_20260213_103902602-1-300x225.jpg 300w, https:\/\/kindergarten-fahr.de\/wp-content\/uploads\/2026\/02\/PXL_20260213_103902602-1-768x577.jpg 768w, https:\/\/kindergarten-fahr.de\/wp-content\/uploads\/2026\/02\/PXL_20260213_103902602-1.jpg 1156w\" sizes=\"auto, (max-width: 1024px) 100vw, 1024px\" \/><\/figure>\n\n\n\n<p>Schlafm\u00fctzentag<\/p>\n\n\n\n<figure class=\"wp-block-image size-large is-resized\"><img loading=\"lazy\" decoding=\"async\" width=\"1024\" height=\"769\" src=\"https:\/\/kindergarten-fahr.de\/wp-content\/uploads\/2026\/02\/PXL_20260216_095013544-1024x769.jpg\" alt=\"\" class=\"wp-image-1165\" style=\"aspect-ratio:1.3316072102406316;width:449px;height:auto\" srcset=\"https:\/\/kindergarten-fahr.de\/wp-content\/uploads\/2026\/02\/PXL_20260216_095013544-1024x769.jpg 1024w, https:\/\/kindergarten-fahr.de\/wp-content\/uploads\/2026\/02\/PXL_20260216_095013544-300x225.jpg 300w, https:\/\/kindergarten-fahr.de\/wp-content\/uploads\/2026\/02\/PXL_20260216_095013544-768x577.jpg 768w, https:\/\/kindergarten-fahr.de\/wp-content\/uploads\/2026\/02\/PXL_20260216_095013544.jpg 1156w\" sizes=\"auto, (max-width: 1024px) 100vw, 1024px\" \/><\/figure>\n\n\n\n<p><strong>Waldtag im Februar<\/strong><\/p>\n\n\n\n<p>Der Waldtag stand unter dem Motto: &#8222;Der verzauberte Faschingswald&#8220;<\/p>\n\n\n\n<figure class=\"wp-block-image size-large is-resized\"><img loading=\"lazy\" decoding=\"async\" width=\"1024\" height=\"769\" src=\"https:\/\/kindergarten-fahr.de\/wp-content\/uploads\/2026\/02\/PXL_20260211_100541376-1024x769.jpg\" alt=\"\" class=\"wp-image-1148\" style=\"aspect-ratio:1.3316072102406316;width:447px;height:auto\" srcset=\"https:\/\/kindergarten-fahr.de\/wp-content\/uploads\/2026\/02\/PXL_20260211_100541376-1024x769.jpg 1024w, https:\/\/kindergarten-fahr.de\/wp-content\/uploads\/2026\/02\/PXL_20260211_100541376-300x225.jpg 300w, https:\/\/kindergarten-fahr.de\/wp-content\/uploads\/2026\/02\/PXL_20260211_100541376-768x577.jpg 768w, https:\/\/kindergarten-fahr.de\/wp-content\/uploads\/2026\/02\/PXL_20260211_100541376.jpg 1156w\" sizes=\"auto, (max-width: 1024px) 100vw, 1024px\" \/><\/figure>\n\n\n\n<figure class=\"wp-block-image size-large is-resized\"><img loading=\"lazy\" decoding=\"async\" width=\"769\" height=\"1024\" src=\"https:\/\/kindergarten-fahr.de\/wp-content\/uploads\/2026\/02\/PXL_20260211_101311180-769x1024.jpg\" alt=\"\" class=\"wp-image-1150\" style=\"width:260px;height:auto\" srcset=\"https:\/\/kindergarten-fahr.de\/wp-content\/uploads\/2026\/02\/PXL_20260211_101311180-769x1024.jpg 769w, https:\/\/kindergarten-fahr.de\/wp-content\/uploads\/2026\/02\/PXL_20260211_101311180-225x300.jpg 225w, https:\/\/kindergarten-fahr.de\/wp-content\/uploads\/2026\/02\/PXL_20260211_101311180-768x1023.jpg 768w, https:\/\/kindergarten-fahr.de\/wp-content\/uploads\/2026\/02\/PXL_20260211_101311180.jpg 868w\" sizes=\"auto, (max-width: 769px) 100vw, 769px\" \/><\/figure>\n\n\n\n<figure class=\"wp-block-image size-large is-resized\"><img loading=\"lazy\" decoding=\"async\" width=\"769\" height=\"1024\" src=\"https:\/\/kindergarten-fahr.de\/wp-content\/uploads\/2026\/02\/PXL_20260211_104016186-769x1024.jpg\" alt=\"\" class=\"wp-image-1151\" style=\"aspect-ratio:0.7509846626536253;width:260px;height:auto\" srcset=\"https:\/\/kindergarten-fahr.de\/wp-content\/uploads\/2026\/02\/PXL_20260211_104016186-769x1024.jpg 769w, https:\/\/kindergarten-fahr.de\/wp-content\/uploads\/2026\/02\/PXL_20260211_104016186-225x300.jpg 225w, https:\/\/kindergarten-fahr.de\/wp-content\/uploads\/2026\/02\/PXL_20260211_104016186-768x1023.jpg 768w, https:\/\/kindergarten-fahr.de\/wp-content\/uploads\/2026\/02\/PXL_20260211_104016186.jpg 868w\" sizes=\"auto, (max-width: 769px) 100vw, 769px\" \/><\/figure>\n\n\n\n<p><strong>Blasiussegen<\/strong><\/p>\n\n\n\n<p>Im Rahmen einer kleinen Andacht in unserer Kapelle, teilt uns Renate Meusert den Blasiussegen aus. Die Kinder h\u00f6ren hierzu die Legende des hl. Blasius, erfahren was das Wort &#8222;Segen&#8220; bedeutet und was es mit dem Kreuzzeichen auf sich hat.<\/p>\n\n\n\n<figure class=\"wp-block-image size-large is-resized\"><img loading=\"lazy\" decoding=\"async\" width=\"1024\" height=\"769\" src=\"https:\/\/kindergarten-fahr.de\/wp-content\/uploads\/2026\/02\/PXL_20260204_093503818-1024x769.jpg\" alt=\"\" class=\"wp-image-1134\" style=\"aspect-ratio:1.3316072102406316;width:456px;height:auto\" srcset=\"https:\/\/kindergarten-fahr.de\/wp-content\/uploads\/2026\/02\/PXL_20260204_093503818-1024x769.jpg 1024w, https:\/\/kindergarten-fahr.de\/wp-content\/uploads\/2026\/02\/PXL_20260204_093503818-300x225.jpg 300w, https:\/\/kindergarten-fahr.de\/wp-content\/uploads\/2026\/02\/PXL_20260204_093503818-768x577.jpg 768w, https:\/\/kindergarten-fahr.de\/wp-content\/uploads\/2026\/02\/PXL_20260204_093503818.jpg 1156w\" sizes=\"auto, (max-width: 1024px) 100vw, 1024px\" \/><\/figure>\n\n\n\n<p><strong>Es hat geschneit<\/strong><\/p>\n\n\n\n<p>Im Januar war es endlich so weit&#8230;es hat geschneit. Die Kinder waren nicht mehr aufzuhalten und wollten nur noch drau\u00dfen zum toben und spielen im Schnee. Neben einem Schneemann entstand auch eine tolle Schneebank zum ausruhen.<\/p>\n\n\n\n<figure class=\"wp-block-image size-large is-resized\"><img loading=\"lazy\" decoding=\"async\" width=\"1024\" height=\"769\" src=\"https:\/\/kindergarten-fahr.de\/wp-content\/uploads\/2026\/02\/Webseite-1-1024x769.jpg\" alt=\"\" class=\"wp-image-1137\" style=\"aspect-ratio:1.331783101016215;width:455px;height:auto\" srcset=\"https:\/\/kindergarten-fahr.de\/wp-content\/uploads\/2026\/02\/Webseite-1-1024x769.jpg 1024w, https:\/\/kindergarten-fahr.de\/wp-content\/uploads\/2026\/02\/Webseite-1-300x225.jpg 300w, https:\/\/kindergarten-fahr.de\/wp-content\/uploads\/2026\/02\/Webseite-1-768x577.jpg 768w, https:\/\/kindergarten-fahr.de\/wp-content\/uploads\/2026\/02\/Webseite-1-1536x1153.jpg 1536w, https:\/\/kindergarten-fahr.de\/wp-content\/uploads\/2026\/02\/Webseite-1-2048x1538.jpg 2048w\" sizes=\"auto, (max-width: 1024px) 100vw, 1024px\" \/><\/figure>\n\n\n\n<figure class=\"wp-block-image size-large is-resized\"><img loading=\"lazy\" decoding=\"async\" width=\"1024\" height=\"769\" src=\"https:\/\/kindergarten-fahr.de\/wp-content\/uploads\/2026\/02\/Webseite-2-1024x769.jpg\" alt=\"\" class=\"wp-image-1138\" style=\"aspect-ratio:1.3316072102406316;width:459px;height:auto\" srcset=\"https:\/\/kindergarten-fahr.de\/wp-content\/uploads\/2026\/02\/Webseite-2-1024x769.jpg 1024w, https:\/\/kindergarten-fahr.de\/wp-content\/uploads\/2026\/02\/Webseite-2-300x225.jpg 300w, https:\/\/kindergarten-fahr.de\/wp-content\/uploads\/2026\/02\/Webseite-2-768x577.jpg 768w, https:\/\/kindergarten-fahr.de\/wp-content\/uploads\/2026\/02\/Webseite-2.jpg 1156w\" sizes=\"auto, (max-width: 1024px) 100vw, 1024px\" \/><\/figure>\n\n\n\n<figure class=\"wp-block-image size-full is-resized\"><img loading=\"lazy\" decoding=\"async\" width=\"851\" height=\"864\" src=\"https:\/\/kindergarten-fahr.de\/wp-content\/uploads\/2026\/02\/Webseite-3.jpg\" alt=\"\" class=\"wp-image-1139\" style=\"aspect-ratio:0.9849521438798937;width:458px;height:auto\" srcset=\"https:\/\/kindergarten-fahr.de\/wp-content\/uploads\/2026\/02\/Webseite-3.jpg 851w, https:\/\/kindergarten-fahr.de\/wp-content\/uploads\/2026\/02\/Webseite-3-295x300.jpg 295w, https:\/\/kindergarten-fahr.de\/wp-content\/uploads\/2026\/02\/Webseite-3-768x780.jpg 768w\" sizes=\"auto, (max-width: 851px) 100vw, 851px\" \/><\/figure>\n\n\n\n<p><strong>Waldtag im Januar<\/strong><\/p>\n\n\n\n<p>Die Kinder die am Waldtag teilnahmen haben aus \u00c4sten und Zweigen ein gro\u00dfes Waldsofa gebaut. Zu unserem Gl\u00fcck waren an diesem Tag auch Waldarbeiter unterwegs, denen wir bei der Arbeit zusehen konnten.<\/p>\n\n\n\n<figure class=\"wp-block-image size-large is-resized\"><img loading=\"lazy\" decoding=\"async\" width=\"1024\" height=\"769\" src=\"https:\/\/kindergarten-fahr.de\/wp-content\/uploads\/2026\/02\/Webseite-Wald-1-1024x769.jpg\" alt=\"\" class=\"wp-image-1140\" style=\"aspect-ratio:1.3316072102406316;width:479px;height:auto\" srcset=\"https:\/\/kindergarten-fahr.de\/wp-content\/uploads\/2026\/02\/Webseite-Wald-1-1024x769.jpg 1024w, https:\/\/kindergarten-fahr.de\/wp-content\/uploads\/2026\/02\/Webseite-Wald-1-300x225.jpg 300w, https:\/\/kindergarten-fahr.de\/wp-content\/uploads\/2026\/02\/Webseite-Wald-1-768x577.jpg 768w, https:\/\/kindergarten-fahr.de\/wp-content\/uploads\/2026\/02\/Webseite-Wald-1.jpg 1156w\" sizes=\"auto, (max-width: 1024px) 100vw, 1024px\" \/><\/figure>\n\n\n\n<figure class=\"wp-block-image size-large is-resized\"><img loading=\"lazy\" decoding=\"async\" width=\"1024\" height=\"769\" src=\"https:\/\/kindergarten-fahr.de\/wp-content\/uploads\/2026\/02\/Waldsofa-2-1024x769.jpg\" alt=\"\" class=\"wp-image-1141\" style=\"aspect-ratio:1.3316072102406316;width:478px;height:auto\" srcset=\"https:\/\/kindergarten-fahr.de\/wp-content\/uploads\/2026\/02\/Waldsofa-2-1024x769.jpg 1024w, https:\/\/kindergarten-fahr.de\/wp-content\/uploads\/2026\/02\/Waldsofa-2-300x225.jpg 300w, https:\/\/kindergarten-fahr.de\/wp-content\/uploads\/2026\/02\/Waldsofa-2-768x577.jpg 768w, https:\/\/kindergarten-fahr.de\/wp-content\/uploads\/2026\/02\/Waldsofa-2.jpg 1156w\" sizes=\"auto, (max-width: 1024px) 100vw, 1024px\" \/><\/figure>\n\n\n\n<figure class=\"wp-block-image size-large is-resized\"><img loading=\"lazy\" decoding=\"async\" width=\"769\" height=\"1024\" src=\"https:\/\/kindergarten-fahr.de\/wp-content\/uploads\/2026\/02\/Waldsofa-3-769x1024.jpg\" alt=\"\" class=\"wp-image-1142\" style=\"width:427px;height:auto\" srcset=\"https:\/\/kindergarten-fahr.de\/wp-content\/uploads\/2026\/02\/Waldsofa-3-769x1024.jpg 769w, https:\/\/kindergarten-fahr.de\/wp-content\/uploads\/2026\/02\/Waldsofa-3-225x300.jpg 225w, https:\/\/kindergarten-fahr.de\/wp-content\/uploads\/2026\/02\/Waldsofa-3-768x1023.jpg 768w, https:\/\/kindergarten-fahr.de\/wp-content\/uploads\/2026\/02\/Waldsofa-3.jpg 868w\" sizes=\"auto, (max-width: 769px) 100vw, 769px\" \/><\/figure>\n\n\n\n<p><strong>Nikolausfeier im Wald<\/strong><\/p>\n\n\n\n<p>Gemeinsam mit den Eltern machten wir einen Spaziergang in den Wald. Dort angekommen sangen wir alle zusammen ein Lied. Zusammen schauten wir uns das Bilderbuch: &#8222;Der allerkleinste Tannenbaum&#8220; an, die Kinder spielten dazu mit Instrumenten. Dann war es endlich so weit, Sankt Nikolaus kam zu uns und verteilte Geschenke an alle Kinder. Wir bedankten uns mit einem Lied und einem Tanz. Im Anschluss gab es f\u00fcr alle Kinderpunsch und Pl\u00e4tzchen.<\/p>\n\n\n\n<figure class=\"wp-block-image size-full is-resized\"><img loading=\"lazy\" decoding=\"async\" width=\"925\" height=\"695\" src=\"https:\/\/kindergarten-fahr.de\/wp-content\/uploads\/2025\/12\/PXL_20251205_112944646.jpg\" alt=\"\" class=\"wp-image-1115\" style=\"width:437px;height:auto\" srcset=\"https:\/\/kindergarten-fahr.de\/wp-content\/uploads\/2025\/12\/PXL_20251205_112944646.jpg 925w, https:\/\/kindergarten-fahr.de\/wp-content\/uploads\/2025\/12\/PXL_20251205_112944646-300x225.jpg 300w, https:\/\/kindergarten-fahr.de\/wp-content\/uploads\/2025\/12\/PXL_20251205_112944646-768x577.jpg 768w\" sizes=\"auto, (max-width: 925px) 100vw, 925px\" \/><\/figure>\n\n\n\n<figure class=\"wp-block-image size-full is-resized\"><img loading=\"lazy\" decoding=\"async\" width=\"925\" height=\"695\" src=\"https:\/\/kindergarten-fahr.de\/wp-content\/uploads\/2025\/12\/PXL_20251205_115526337.jpg\" alt=\"\" class=\"wp-image-1118\" style=\"width:438px;height:auto\" srcset=\"https:\/\/kindergarten-fahr.de\/wp-content\/uploads\/2025\/12\/PXL_20251205_115526337.jpg 925w, https:\/\/kindergarten-fahr.de\/wp-content\/uploads\/2025\/12\/PXL_20251205_115526337-300x225.jpg 300w, https:\/\/kindergarten-fahr.de\/wp-content\/uploads\/2025\/12\/PXL_20251205_115526337-768x577.jpg 768w\" sizes=\"auto, (max-width: 925px) 100vw, 925px\" \/><\/figure>\n\n\n\n<figure class=\"wp-block-image size-full is-resized\"><img loading=\"lazy\" decoding=\"async\" width=\"695\" height=\"925\" src=\"https:\/\/kindergarten-fahr.de\/wp-content\/uploads\/2025\/12\/PXL_20251205_114433049.jpg\" alt=\"\" class=\"wp-image-1116\" style=\"width:438px;height:auto\" srcset=\"https:\/\/kindergarten-fahr.de\/wp-content\/uploads\/2025\/12\/PXL_20251205_114433049.jpg 695w, https:\/\/kindergarten-fahr.de\/wp-content\/uploads\/2025\/12\/PXL_20251205_114433049-225x300.jpg 225w\" sizes=\"auto, (max-width: 695px) 100vw, 695px\" \/><\/figure>\n\n\n\n<figure class=\"wp-block-image size-full is-resized\"><img loading=\"lazy\" decoding=\"async\" width=\"925\" height=\"695\" src=\"https:\/\/kindergarten-fahr.de\/wp-content\/uploads\/2025\/12\/PXL_20251205_115546689.jpg\" alt=\"\" class=\"wp-image-1117\" style=\"width:439px;height:auto\" srcset=\"https:\/\/kindergarten-fahr.de\/wp-content\/uploads\/2025\/12\/PXL_20251205_115546689.jpg 925w, https:\/\/kindergarten-fahr.de\/wp-content\/uploads\/2025\/12\/PXL_20251205_115546689-300x225.jpg 300w, https:\/\/kindergarten-fahr.de\/wp-content\/uploads\/2025\/12\/PXL_20251205_115546689-768x577.jpg 768w\" sizes=\"auto, (max-width: 925px) 100vw, 925px\" \/><\/figure>\n\n\n\n<p><strong>Internationaler Vorlesetag<\/strong><\/p>\n\n\n\n<p>Auch in diesem Jahr waren wir wieder beim internationalen Vorlesetag am 21.11 dabei. Stefanie Meusert hat das Bilderbuch: &#8222;Alles vermurkst &#8211; oder auch ein kleiner Rabe kann ein gro\u00dfer Helfer sein&#8220; vorgelesen.<\/p>\n\n\n\n<figure class=\"wp-block-image size-full\"><img loading=\"lazy\" decoding=\"async\" width=\"463\" height=\"348\" src=\"https:\/\/kindergarten-fahr.de\/wp-content\/uploads\/2025\/11\/PXL_20251121_094832914.jpg\" alt=\"\" class=\"wp-image-1106\" srcset=\"https:\/\/kindergarten-fahr.de\/wp-content\/uploads\/2025\/11\/PXL_20251121_094832914.jpg 463w, https:\/\/kindergarten-fahr.de\/wp-content\/uploads\/2025\/11\/PXL_20251121_094832914-300x225.jpg 300w\" sizes=\"auto, (max-width: 463px) 100vw, 463px\" \/><\/figure>\n\n\n\n<p><strong>Unser Adventsbasar<\/strong><\/p>\n\n\n\n<p>F\u00fcr unseren Adventsbasar am Mittwoch, 19.11.2025 haben die Kinder flie\u00dfig gerwerkelt, gebastelt und Marmalde gekocht. Alle Familien und das ganze Dorf war eingeladen. Die angebotenen &#8222;Waren&#8220; konnten auf Spendenbasis &#8222;gekauft&#8220; werden. Die Kinder haben flei\u00dfig dabei geholfen.<\/p>\n\n\n\n<figure class=\"wp-block-image size-full\"><img loading=\"lazy\" decoding=\"async\" width=\"417\" height=\"313\" src=\"https:\/\/kindergarten-fahr.de\/wp-content\/uploads\/2025\/11\/PXL_20251118_124950746.jpg\" alt=\"\" class=\"wp-image-1103\" srcset=\"https:\/\/kindergarten-fahr.de\/wp-content\/uploads\/2025\/11\/PXL_20251118_124950746.jpg 417w, https:\/\/kindergarten-fahr.de\/wp-content\/uploads\/2025\/11\/PXL_20251118_124950746-300x225.jpg 300w\" sizes=\"auto, (max-width: 417px) 100vw, 417px\" \/><\/figure>\n\n\n\n<figure class=\"wp-block-image size-full\"><img loading=\"lazy\" decoding=\"async\" width=\"463\" height=\"348\" src=\"https:\/\/kindergarten-fahr.de\/wp-content\/uploads\/2025\/11\/PXL_20251118_124730086.PORTRAIT.jpg\" alt=\"\" class=\"wp-image-1102\" srcset=\"https:\/\/kindergarten-fahr.de\/wp-content\/uploads\/2025\/11\/PXL_20251118_124730086.PORTRAIT.jpg 463w, https:\/\/kindergarten-fahr.de\/wp-content\/uploads\/2025\/11\/PXL_20251118_124730086.PORTRAIT-300x225.jpg 300w\" sizes=\"auto, (max-width: 463px) 100vw, 463px\" \/><\/figure>\n\n\n\n<figure class=\"wp-block-image size-full is-resized\"><img loading=\"lazy\" decoding=\"async\" width=\"740\" height=\"556\" src=\"https:\/\/kindergarten-fahr.de\/wp-content\/uploads\/2025\/11\/PXL_20251119_071650052.jpg\" alt=\"\" class=\"wp-image-1101\" style=\"width:495px;height:auto\" srcset=\"https:\/\/kindergarten-fahr.de\/wp-content\/uploads\/2025\/11\/PXL_20251119_071650052.jpg 740w, https:\/\/kindergarten-fahr.de\/wp-content\/uploads\/2025\/11\/PXL_20251119_071650052-300x225.jpg 300w\" sizes=\"auto, (max-width: 740px) 100vw, 740px\" \/><\/figure>\n\n\n\n<p><strong>Unser Waldtag im Oktober<\/strong><\/p>\n\n\n\n<figure class=\"wp-block-image size-full is-resized\"><img loading=\"lazy\" decoding=\"async\" width=\"925\" height=\"695\" src=\"https:\/\/kindergarten-fahr.de\/wp-content\/uploads\/2025\/10\/PXL_20251015_091448064.jpg\" alt=\"\" class=\"wp-image-1084\" style=\"width:520px;height:auto\" srcset=\"https:\/\/kindergarten-fahr.de\/wp-content\/uploads\/2025\/10\/PXL_20251015_091448064.jpg 925w, https:\/\/kindergarten-fahr.de\/wp-content\/uploads\/2025\/10\/PXL_20251015_091448064-300x225.jpg 300w, https:\/\/kindergarten-fahr.de\/wp-content\/uploads\/2025\/10\/PXL_20251015_091448064-768x577.jpg 768w\" sizes=\"auto, (max-width: 925px) 100vw, 925px\" \/><\/figure>\n\n\n\n<figure class=\"wp-block-image size-full is-resized\"><img loading=\"lazy\" decoding=\"async\" width=\"925\" height=\"695\" src=\"https:\/\/kindergarten-fahr.de\/wp-content\/uploads\/2025\/10\/PXL_20251015_084050682.jpg\" alt=\"\" class=\"wp-image-1085\" style=\"width:522px;height:auto\" srcset=\"https:\/\/kindergarten-fahr.de\/wp-content\/uploads\/2025\/10\/PXL_20251015_084050682.jpg 925w, https:\/\/kindergarten-fahr.de\/wp-content\/uploads\/2025\/10\/PXL_20251015_084050682-300x225.jpg 300w, https:\/\/kindergarten-fahr.de\/wp-content\/uploads\/2025\/10\/PXL_20251015_084050682-768x577.jpg 768w\" sizes=\"auto, (max-width: 925px) 100vw, 925px\" \/><\/figure>\n\n\n\n<figure class=\"wp-block-image size-full is-resized\"><img loading=\"lazy\" decoding=\"async\" width=\"925\" height=\"695\" src=\"https:\/\/kindergarten-fahr.de\/wp-content\/uploads\/2025\/10\/PXL_20251015_082739416.jpg\" alt=\"\" class=\"wp-image-1086\" style=\"width:521px;height:auto\" srcset=\"https:\/\/kindergarten-fahr.de\/wp-content\/uploads\/2025\/10\/PXL_20251015_082739416.jpg 925w, https:\/\/kindergarten-fahr.de\/wp-content\/uploads\/2025\/10\/PXL_20251015_082739416-300x225.jpg 300w, https:\/\/kindergarten-fahr.de\/wp-content\/uploads\/2025\/10\/PXL_20251015_082739416-768x577.jpg 768w\" sizes=\"auto, (max-width: 925px) 100vw, 925px\" \/><\/figure>\n\n\n\n<p><strong>Herbst in unserem Garten<\/strong><\/p>\n\n\n\n<figure class=\"wp-block-image size-large is-resized\"><img loading=\"lazy\" decoding=\"async\" width=\"1024\" height=\"768\" src=\"https:\/\/kindergarten-fahr.de\/wp-content\/uploads\/2026\/02\/Herbst-1-1024x768.jpg\" alt=\"\" class=\"wp-image-1144\" style=\"width:433px;height:auto\" srcset=\"https:\/\/kindergarten-fahr.de\/wp-content\/uploads\/2026\/02\/Herbst-1-1024x768.jpg 1024w, https:\/\/kindergarten-fahr.de\/wp-content\/uploads\/2026\/02\/Herbst-1-300x225.jpg 300w, https:\/\/kindergarten-fahr.de\/wp-content\/uploads\/2026\/02\/Herbst-1-768x576.jpg 768w, https:\/\/kindergarten-fahr.de\/wp-content\/uploads\/2026\/02\/Herbst-1.jpg 1152w\" sizes=\"auto, (max-width: 1024px) 100vw, 1024px\" \/><\/figure>\n\n\n\n<figure class=\"wp-block-image size-large is-resized\"><img loading=\"lazy\" decoding=\"async\" width=\"1024\" height=\"768\" src=\"https:\/\/kindergarten-fahr.de\/wp-content\/uploads\/2026\/02\/Herbst-2-1024x768.jpg\" alt=\"\" class=\"wp-image-1146\" style=\"width:436px;height:auto\" srcset=\"https:\/\/kindergarten-fahr.de\/wp-content\/uploads\/2026\/02\/Herbst-2-1024x768.jpg 1024w, https:\/\/kindergarten-fahr.de\/wp-content\/uploads\/2026\/02\/Herbst-2-300x225.jpg 300w, https:\/\/kindergarten-fahr.de\/wp-content\/uploads\/2026\/02\/Herbst-2-768x576.jpg 768w, https:\/\/kindergarten-fahr.de\/wp-content\/uploads\/2026\/02\/Herbst-2.jpg 1152w\" sizes=\"auto, (max-width: 1024px) 100vw, 1024px\" \/><\/figure>\n\n\n\n<p><strong>Familiengottesdienst an Erntedank<\/strong><\/p>\n\n\n\n<p>Am 12. Oktober nahmen unsere Kinder mit gro\u00dfer Freude am Erntedankgottesdienst teil. Gemeinsam mit dem Diakon und den Ministranten zogen sie feierlich in die Kirche ein. Die Kinder hatten liebevoll gestaltete Erntek\u00f6rbchen mitgebracht, die sie anschlie\u00dfend am Altar abstellten. so brachten sie ihren Dank zum Ausdruck. Nach der Lesung sangen die Kinder das Lied: &#8222;Hallelujah, singen wir&#8220;, das die festliche Stimmung des Gottesdienstes unterstrich. Das gemeinsame Vater unser zu dem alle Kinder um den Altar eingeladen waren, durfte nicht fehlen. Es war ein sch\u00f6ner und stimmungsvoller Beitrag unserer Kinder zum Erntedankfest.<\/p>\n\n\n\n<figure class=\"wp-block-image size-full is-resized\"><img loading=\"lazy\" decoding=\"async\" width=\"750\" height=\"433\" src=\"https:\/\/kindergarten-fahr.de\/wp-content\/uploads\/2025\/10\/20251012_101242.jpg\" alt=\"\" class=\"wp-image-1079\" style=\"width:555px;height:auto\" srcset=\"https:\/\/kindergarten-fahr.de\/wp-content\/uploads\/2025\/10\/20251012_101242.jpg 750w, https:\/\/kindergarten-fahr.de\/wp-content\/uploads\/2025\/10\/20251012_101242-300x173.jpg 300w\" sizes=\"auto, (max-width: 750px) 100vw, 750px\" \/><\/figure>\n\n\n\n<p><strong>Zu Besuch auf dem Rosenhof<\/strong><\/p>\n\n\n\n<p>Im Rahmen unsere Bauernhofprojekts waren wir zu Besuch auf dem Rosenhof in Gerolzhofen. Besonders beeindruckt waren die Kinder von den vielen K\u00fchen. Sie erfuhren von B\u00e4uerin Manuela Hauck, dass eine Kuh bis zu 100 Liter Wasser am Tag trinkt und bis zu 30 Liter Milch gibt. Auch dass K\u00fche Milchz\u00e4hne haben, war f\u00fcr viele neu. Ein besonderes Highlight war die Begegnung mit den K\u00e4lbchen. Ein erst 2 Tage altes noch namenloses K\u00e4lbchen wurde von den Kindern auf den Namen &#8222;Olive&#8220; getauft. Die Kinder durften die K\u00e4lbchen streicheln und beim F\u00fcttern der K\u00fche helfen. Gro\u00dfe Begeisterung l\u00f6ste der Melkroboter aus. Wie das Melken funktioniert, konnten sie anschlie\u00dfend selbst an einem Plastikeuter ausprobieren. Zum Abschluss wurde aus Sahne Butter hergestellt, die sich die Kinder auf frischem Brot schmecken lie\u00dfen. Dazu gab es Milch und Buttermilch.<\/p>\n\n\n\n<p>Ein gro\u00dfes Dankesch\u00f6n an Manuela f\u00fcr den tollen Vormittag<\/p>\n\n\n\n<figure class=\"wp-block-image size-full is-resized\"><img loading=\"lazy\" decoding=\"async\" width=\"695\" height=\"925\" src=\"https:\/\/kindergarten-fahr.de\/wp-content\/uploads\/2025\/10\/PXL_20251008_074308784.jpg\" alt=\"\" class=\"wp-image-1064\" style=\"width:275px;height:auto\" srcset=\"https:\/\/kindergarten-fahr.de\/wp-content\/uploads\/2025\/10\/PXL_20251008_074308784.jpg 695w, https:\/\/kindergarten-fahr.de\/wp-content\/uploads\/2025\/10\/PXL_20251008_074308784-225x300.jpg 225w\" sizes=\"auto, (max-width: 695px) 100vw, 695px\" \/><\/figure>\n\n\n\n<figure class=\"wp-block-image size-full is-resized\"><img loading=\"lazy\" decoding=\"async\" width=\"925\" height=\"695\" src=\"https:\/\/kindergarten-fahr.de\/wp-content\/uploads\/2025\/10\/PXL_20251008_082222447.jpg\" alt=\"\" class=\"wp-image-1067\" style=\"width:375px;height:auto\" srcset=\"https:\/\/kindergarten-fahr.de\/wp-content\/uploads\/2025\/10\/PXL_20251008_082222447.jpg 925w, https:\/\/kindergarten-fahr.de\/wp-content\/uploads\/2025\/10\/PXL_20251008_082222447-300x225.jpg 300w, https:\/\/kindergarten-fahr.de\/wp-content\/uploads\/2025\/10\/PXL_20251008_082222447-768x577.jpg 768w\" sizes=\"auto, (max-width: 925px) 100vw, 925px\" \/><\/figure>\n\n\n\n<figure class=\"wp-block-image size-full is-resized\"><img loading=\"lazy\" decoding=\"async\" width=\"695\" height=\"925\" src=\"https:\/\/kindergarten-fahr.de\/wp-content\/uploads\/2025\/10\/PXL_20251008_075452652.jpg\" alt=\"\" class=\"wp-image-1066\" style=\"width:279px;height:auto\" srcset=\"https:\/\/kindergarten-fahr.de\/wp-content\/uploads\/2025\/10\/PXL_20251008_075452652.jpg 695w, https:\/\/kindergarten-fahr.de\/wp-content\/uploads\/2025\/10\/PXL_20251008_075452652-225x300.jpg 225w\" sizes=\"auto, (max-width: 695px) 100vw, 695px\" \/><\/figure>\n\n\n\n<figure class=\"wp-block-image size-full is-resized\"><img loading=\"lazy\" decoding=\"async\" width=\"925\" height=\"695\" src=\"https:\/\/kindergarten-fahr.de\/wp-content\/uploads\/2025\/10\/PXL_20251008_091551079.jpg\" alt=\"\" class=\"wp-image-1070\" style=\"width:403px;height:auto\" srcset=\"https:\/\/kindergarten-fahr.de\/wp-content\/uploads\/2025\/10\/PXL_20251008_091551079.jpg 925w, https:\/\/kindergarten-fahr.de\/wp-content\/uploads\/2025\/10\/PXL_20251008_091551079-300x225.jpg 300w, https:\/\/kindergarten-fahr.de\/wp-content\/uploads\/2025\/10\/PXL_20251008_091551079-768x577.jpg 768w\" sizes=\"auto, (max-width: 925px) 100vw, 925px\" \/><\/figure>\n\n\n\n<figure class=\"wp-block-image size-full is-resized\"><img loading=\"lazy\" decoding=\"async\" width=\"695\" height=\"925\" src=\"https:\/\/kindergarten-fahr.de\/wp-content\/uploads\/2025\/10\/PXL_20251008_093751421.jpg\" alt=\"\" class=\"wp-image-1072\" style=\"width:284px;height:auto\" srcset=\"https:\/\/kindergarten-fahr.de\/wp-content\/uploads\/2025\/10\/PXL_20251008_093751421.jpg 695w, https:\/\/kindergarten-fahr.de\/wp-content\/uploads\/2025\/10\/PXL_20251008_093751421-225x300.jpg 225w\" sizes=\"auto, (max-width: 695px) 100vw, 695px\" \/><\/figure>\n\n\n\n<figure class=\"wp-block-image size-full is-resized\"><img loading=\"lazy\" decoding=\"async\" width=\"925\" height=\"695\" src=\"https:\/\/kindergarten-fahr.de\/wp-content\/uploads\/2025\/10\/PXL_20251008_095614117.jpg\" alt=\"\" class=\"wp-image-1075\" style=\"width:471px;height:auto\" srcset=\"https:\/\/kindergarten-fahr.de\/wp-content\/uploads\/2025\/10\/PXL_20251008_095614117.jpg 925w, https:\/\/kindergarten-fahr.de\/wp-content\/uploads\/2025\/10\/PXL_20251008_095614117-300x225.jpg 300w, https:\/\/kindergarten-fahr.de\/wp-content\/uploads\/2025\/10\/PXL_20251008_095614117-768x577.jpg 768w\" sizes=\"auto, (max-width: 925px) 100vw, 925px\" \/><\/figure>\n\n\n\n<p><strong>Weinlese mit den Regenbogen- und Sonnenkindern<\/strong><\/p>\n\n\n\n<p>Am Mittwoch, 18.09.2025 machten sich die Regenbogen- und Sonnenkinder gemeinsam auf den Weg zur Weinlese bei Familie Armin Meusert. Nach einem langen Fu\u00dfmarsch kamen wir in den Weinbergen an, wo bereits der Vollernter bereitstand. F\u00fcr die Kinder war es ein besonders Erlebnis, diesen aus n\u00e4chster N\u00e4he zu bestauen &#8211; sie durften sogar mit auf den Vollernter und den Traktor. Mit gro\u00dfer Begeisterung halfen die Kinder anschlie\u00dfend beim Traubenlesen. Sie schnitten flei\u00dfig die reifen Fr\u00fcchte von den Reben und lernten dabei viel \u00fcber die Arbeit im Weinberg. Zur St\u00e4rkung gab es eine gem\u00fctliche Brotzeit zwischen den Reben. Bei strahlendem Sonnenschein schmeckten die leckeren Muffins, die uns von Stefanie Meusert gebacken wurden. Es war ein spannender und erlebnisreicher Tag, der den Kindern lange in Erinnerung bleiben wird.<\/p>\n\n\n\n<p>Ein gro\u00dfes DANKE an Familie Meusert, dass wir dabei sein durften!<\/p>\n\n\n\n<figure class=\"wp-block-image size-full is-resized\"><img loading=\"lazy\" decoding=\"async\" width=\"695\" height=\"925\" src=\"https:\/\/kindergarten-fahr.de\/wp-content\/uploads\/2025\/10\/PXL_20250918_080323449.jpg\" alt=\"\" class=\"wp-image-1090\" style=\"width:293px;height:auto\" srcset=\"https:\/\/kindergarten-fahr.de\/wp-content\/uploads\/2025\/10\/PXL_20250918_080323449.jpg 695w, https:\/\/kindergarten-fahr.de\/wp-content\/uploads\/2025\/10\/PXL_20250918_080323449-225x300.jpg 225w\" sizes=\"auto, (max-width: 695px) 100vw, 695px\" \/><\/figure>\n\n\n\n<figure class=\"wp-block-image size-full is-resized\"><img loading=\"lazy\" decoding=\"async\" width=\"925\" height=\"695\" src=\"https:\/\/kindergarten-fahr.de\/wp-content\/uploads\/2025\/10\/PXL_20250918_072659927.jpg\" alt=\"\" class=\"wp-image-1091\" style=\"width:417px;height:auto\" srcset=\"https:\/\/kindergarten-fahr.de\/wp-content\/uploads\/2025\/10\/PXL_20250918_072659927.jpg 925w, https:\/\/kindergarten-fahr.de\/wp-content\/uploads\/2025\/10\/PXL_20250918_072659927-300x225.jpg 300w, https:\/\/kindergarten-fahr.de\/wp-content\/uploads\/2025\/10\/PXL_20250918_072659927-768x577.jpg 768w\" sizes=\"auto, (max-width: 925px) 100vw, 925px\" \/><\/figure>\n\n\n\n<figure class=\"wp-block-image size-full is-resized\"><img loading=\"lazy\" decoding=\"async\" width=\"695\" height=\"925\" src=\"https:\/\/kindergarten-fahr.de\/wp-content\/uploads\/2025\/10\/PXL_20250918_081433916.jpg\" alt=\"\" class=\"wp-image-1094\" style=\"width:317px;height:auto\" srcset=\"https:\/\/kindergarten-fahr.de\/wp-content\/uploads\/2025\/10\/PXL_20250918_081433916.jpg 695w, https:\/\/kindergarten-fahr.de\/wp-content\/uploads\/2025\/10\/PXL_20250918_081433916-225x300.jpg 225w\" sizes=\"auto, (max-width: 695px) 100vw, 695px\" \/><\/figure>\n","protected":false},"excerpt":{"rendered":"<p>Spaziergang zu den H\u00fchnern Nachwuchs bei den H\u00fchnern von Familie Heinrich. Das lassen wir uns nat\u00fcrlich nicht entgehen und machen uns auf den Weg zum Ortsrand von Fahr, wo es sich die H\u00fchner gut gehen lassen. Frau Heinrich erwartet uns schon. Sie zeigt den Kindern ihre zahmen H\u00fchner und den [&hellip;]<\/p>\n","protected":false},"author":2,"featured_media":0,"parent":0,"menu_order":0,"comment_status":"closed","ping_status":"closed","template":"","meta":{"footnotes":""},"class_list":["post-56","page","type-page","status-publish","hentry"],"_links":{"self":[{"href":"https:\/\/kindergarten-fahr.de\/index.php\/wp-json\/wp\/v2\/pages\/56","targetHints":{"allow":["GET"]}}],"collection":[{"href":"https:\/\/kindergarten-fahr.de\/index.php\/wp-json\/wp\/v2\/pages"}],"about":[{"href":"https:\/\/kindergarten-fahr.de\/index.php\/wp-json\/wp\/v2\/types\/page"}],"author":[{"embeddable":true,"href":"https:\/\/kindergarten-fahr.de\/index.php\/wp-json\/wp\/v2\/users\/2"}],"replies":[{"embeddable":true,"href":"https:\/\/kindergarten-fahr.de\/index.php\/wp-json\/wp\/v2\/comments?post=56"}],"version-history":[{"count":86,"href":"https:\/\/kindergarten-fahr.de\/index.php\/wp-json\/wp\/v2\/pages\/56\/revisions"}],"predecessor-version":[{"id":1240,"href":"https:\/\/kindergarten-fahr.de\/index.php\/wp-json\/wp\/v2\/pages\/56\/revisions\/1240"}],"wp:attachment":[{"href":"https:\/\/kindergarten-fahr.de\/index.php\/wp-json\/wp\/v2\/media?parent=56"}],"curies":[{"name":"wp","href":"https:\/\/api.w.org\/{rel}","templated":true}]}}